{"id":3975,"date":"2021-01-04T19:41:18","date_gmt":"2021-01-04T18:41:18","guid":{"rendered":"http:\/\/hallade.net\/?page_id=3975"},"modified":"2021-01-06T20:27:21","modified_gmt":"2021-01-06T19:27:21","slug":"elementor-3975","status":"publish","type":"page","link":"https:\/\/hallade.net\/index.php\/elementor-3975\/","title":{"rendered":"CGV"},"content":{"rendered":"\t\t<div data-elementor-type=\"wp-page\" data-elementor-id=\"3975\" class=\"elementor elementor-3975\" data-elementor-settings=\"[]\">\n\t\t\t\t\t\t<div class=\"elementor-inner\">\n\t\t\t\t\t\t\t<div class=\"elementor-section-wrap\">\n\t\t\t\t\t\t\t<section class=\"elementor-section elementor-top-section elementor-element elementor-element-b2fc490 elementor-section-boxed elementor-section-height-default elementor-section-height-default\" data-id=\"b2fc490\" data-element_type=\"section\">\n\t\t\t\t\t\t<div class=\"elementor-container elementor-column-gap-default\">\n\t\t\t\t\t\t\t<div class=\"elementor-row\">\n\t\t\t\t\t<div class=\"elementor-column elementor-col-100 elementor-top-column elementor-element elementor-element-72302ad\" data-id=\"72302ad\" data-element_type=\"column\">\n\t\t\t<div class=\"elementor-column-wrap\">\n\t\t\t\t\t\t\t<div class=\"elementor-widget-wrap\">\n\t\t\t\t\t\t\t\t<\/div>\n\t\t\t\t\t<\/div>\n\t\t<\/div>\n\t\t\t\t\t\t\t\t<\/div>\n\t\t\t\t\t<\/div>\n\t\t<\/section>\n\t\t\t\t<section class=\"elementor-section elementor-top-section elementor-element elementor-element-83d5dfe elementor-section-boxed elementor-section-height-default elementor-section-height-default\" data-id=\"83d5dfe\" data-element_type=\"section\">\n\t\t\t\t\t\t<div class=\"elementor-container elementor-column-gap-default\">\n\t\t\t\t\t\t\t<div class=\"elementor-row\">\n\t\t\t\t\t<div class=\"elementor-column elementor-col-100 elementor-top-column elementor-element elementor-element-b8be076\" data-id=\"b8be076\" data-element_type=\"column\">\n\t\t\t<div class=\"elementor-column-wrap elementor-element-populated\">\n\t\t\t\t\t\t\t<div class=\"elementor-widget-wrap\">\n\t\t\t\t\t\t<div class=\"elementor-element elementor-element-4a63cbe elementor-widget elementor-widget-heading\" data-id=\"4a63cbe\" data-element_type=\"widget\" data-widget_type=\"heading.default\">\n\t\t\t\t<div class=\"elementor-widget-container\">\n\t\t\t<h2 class=\"elementor-heading-title elementor-size-default\">Conditions G\u00e9n\u00e9rales de Vente<\/h2>\t\t<\/div>\n\t\t\t\t<\/div>\n\t\t\t\t\t\t<\/div>\n\t\t\t\t\t<\/div>\n\t\t<\/div>\n\t\t\t\t\t\t\t\t<\/div>\n\t\t\t\t\t<\/div>\n\t\t<\/section>\n\t\t\t\t<section class=\"elementor-section elementor-top-section elementor-element elementor-element-3e12f39 elementor-section-boxed elementor-section-height-default elementor-section-height-default\" data-id=\"3e12f39\" data-element_type=\"section\">\n\t\t\t\t\t\t<div class=\"elementor-container elementor-column-gap-default\">\n\t\t\t\t\t\t\t<div class=\"elementor-row\">\n\t\t\t\t\t<div class=\"elementor-column elementor-col-100 elementor-top-column elementor-element elementor-element-fc7e642\" data-id=\"fc7e642\" data-element_type=\"column\">\n\t\t\t<div class=\"elementor-column-wrap elementor-element-populated\">\n\t\t\t\t\t\t\t<div class=\"elementor-widget-wrap\">\n\t\t\t\t\t\t<div class=\"elementor-element elementor-element-f5d399c elementor-widget elementor-widget-text-editor\" data-id=\"f5d399c\" data-element_type=\"widget\" data-widget_type=\"text-editor.default\">\n\t\t\t\t<div class=\"elementor-widget-container\">\n\t\t\t\t\t<div class=\"elementor-text-editor elementor-clearfix\"><p>\u00a0<\/p><p><b style=\"mso-bidi-font-weight: normal;\"><span style=\"font-family: Arial; color: #0070c0; mso-fareast-language: FR;\">\u00ab La parenth\u00e8se\u00a0\u00bb<\/span><\/b><span style=\"font-family: Arial; color: #0070c0; mso-fareast-language: FR;\"> \u2013 Les haies-45700 Conflans sur Loing<\/span><\/p><p style=\"mso-margin-top-alt: auto; mso-margin-bottom-alt: auto;\"><span style=\"font-family: Arial; mso-fareast-language: FR;\">Il a \u00e9t\u00e9 convenu entre les parties que le Bailleur loue au Preneur le logement tel que d\u00e9crit ci-dessous aux conditions suivantes :<\/span><\/p><p style=\"mso-margin-top-alt: auto; mso-margin-bottom-alt: auto;\"><b><span style=\"font-family: Arial; mso-fareast-language: FR;\">1 \u2013 \u00a0OBJET DU CONTRAT DE LOCATION<\/span><\/b><\/p><p style=\"mso-margin-top-alt: auto; mso-margin-bottom-alt: auto;\"><b><span style=\"font-family: Arial; mso-fareast-language: FR;\">Conditions g\u00e9n\u00e9rales de vente de prestations de services\u00a0en ligne \u00e0 des consommateurs particuliers<br \/><\/span><\/b><span style=\"font-family: Arial; mso-fareast-language: FR;\">\u00a0<\/span><\/p><p style=\"mso-margin-top-alt: auto; mso-margin-bottom-alt: auto;\"><b><span style=\"font-family: Arial; mso-fareast-language: FR;\">Pr\u00e9ambule\u00a0<\/span><\/b><\/p><p style=\"mso-margin-top-alt: auto; mso-margin-bottom-alt: auto;\"><span style=\"font-family: Arial; mso-fareast-language: FR;\">Les pr\u00e9sentes conditions g\u00e9n\u00e9rales de vente s\u2019appliquent \u00e0 toutes les prestations de services\u00a0conclues sur le site Internet &#8220;la Parenth\u00e8se&#8221;.<\/span><\/p><p style=\"mso-margin-top-alt: auto; mso-margin-bottom-alt: auto;\"><span style=\"font-family: Arial; mso-fareast-language: FR;\">Le site Internet\u00a0<span style=\"color: #0070c0;\">\u00ab\u00a0Hallade.net\u00a0\u00bb <\/span>est un service de :<\/span><\/p><p style=\"mso-margin-top-alt: auto; mso-margin-bottom-alt: auto;\"><span style=\"font-family: Arial; mso-fareast-language: FR;\">\u2013 la soci\u00e9t\u00e9\u00a0<\/span><\/p><p style=\"mso-margin-top-alt: auto; mso-margin-bottom-alt: auto;\"><span style=\"font-family: Arial; mso-fareast-language: FR;\">\u2013 situ\u00e9e \u00e0<span style=\"mso-spacerun: yes;\">\u00a0 <\/span><\/span><\/p><p style=\"mso-margin-top-alt: auto; mso-margin-bottom-alt: auto;\"><span style=\"font-family: Arial; mso-fareast-language: FR;\">\u2013 adresse URL du site :\u00a0 <\/span><\/p><p style=\"mso-margin-top-alt: auto; mso-margin-bottom-alt: auto;\"><span style=\"font-family: Arial; mso-fareast-language: FR;\">\u2013 adresse mail :\u00a0 <\/span><\/p><p style=\"mso-margin-top-alt: auto; mso-margin-bottom-alt: auto;\"><span style=\"font-family: Arial; mso-fareast-language: FR;\">\u2013 t\u00e9l\u00e9phone : <\/span><\/p><p style=\"mso-margin-top-alt: auto; mso-margin-bottom-alt: auto;\"><span style=\"font-family: Arial; mso-fareast-language: FR;\">Le client d\u00e9clare avoir pris connaissance et avoir accept\u00e9 les conditions g\u00e9n\u00e9rales de vente ant\u00e9rieurement \u00e0 la passation de la commande.\u00a0La validation de la commande vaut donc acceptation des conditions g\u00e9n\u00e9rales de vente.<\/span><\/p><p style=\"mso-margin-top-alt: auto; mso-margin-bottom-alt: auto;\"><b><span style=\"font-family: Arial; mso-fareast-language: FR;\">Article 1 \u2013\u00a0Contenu et champ d\u2019application<\/span><\/b><\/p><p style=\"mso-margin-top-alt: auto; mso-margin-bottom-alt: auto;\"><span style=\"font-family: Arial; mso-fareast-language: FR;\"><br \/>Les pr\u00e9sentes conditions g\u00e9n\u00e9rales de vente s\u2019appliquent de plein droit aux prestations de services suivantes :\u00a0location saisonni\u00e8re.<\/span><\/p><p style=\"mso-margin-top-alt: auto; mso-margin-bottom-alt: auto;\"><span style=\"font-family: Arial; mso-fareast-language: FR;\">Elles s\u2019appliquent \u00e0 l\u2019exclusion de toutes autres conditions, et notamment celles applicables pour les ventes sur internet ou au moyen d\u2019autres circuits de distribution et de commercialisation.<\/span><\/p><p style=\"mso-margin-top-alt: auto; mso-margin-bottom-alt: auto;\"><span style=\"font-family: Arial; mso-fareast-language: FR;\">La vente est r\u00e9put\u00e9e conclue \u00e0 la date d\u2019acceptation de la commande ou \u00e0 l\u2019achat imm\u00e9diat par le vendeur.<\/span><\/p><p style=\"mso-margin-top-alt: auto; mso-margin-bottom-alt: auto;\"><span style=\"font-family: Arial; mso-fareast-language: FR;\">Toute commande ou achat imm\u00e9diat implique l\u2019adh\u00e9sion sans r\u00e9serve aux pr\u00e9sentes conditions g\u00e9n\u00e9rales de vente qui pr\u00e9valent sur toutes autres conditions, \u00e0 l\u2019exception de celles qui ont \u00e9t\u00e9 accept\u00e9es express\u00e9ment par le vendeur.<\/span><\/p><p style=\"mso-margin-top-alt: auto; mso-margin-bottom-alt: auto;\"><span style=\"font-family: Arial; mso-fareast-language: FR;\">L\u2019acheteur d\u00e9clare avoir pris connaissance des pr\u00e9sentes conditions g\u00e9n\u00e9rales de vente et les avoir accept\u00e9es avant son achat imm\u00e9diat ou la passation de sa commande.<\/span><\/p><p style=\"mso-margin-top-alt: auto; mso-margin-bottom-alt: auto;\"><span style=\"font-family: Arial; mso-fareast-language: FR;\"><br \/><b>Article 2 \u2013\u00a0Informations pr\u00e9contractuelles<\/b><\/span><\/p><p style=\"mso-margin-top-alt: auto; mso-margin-bottom-alt: auto;\"><span style=\"font-family: Arial; mso-fareast-language: FR;\"><br \/>Pr\u00e9alablement \u00e0 l\u2019achat imm\u00e9diat ou \u00e0 la passation de la commande et \u00e0 la conclusion du contrat, ces conditions g\u00e9n\u00e9rales de vente sont communiqu\u00e9es \u00e0 l\u2019acheteur, qui reconna\u00eet les avoir re\u00e7ues.<\/span><\/p><p style=\"mso-margin-top-alt: auto; mso-margin-bottom-alt: auto;\"><span style=\"font-family: Arial; mso-fareast-language: FR;\">Sont transmises \u00e0 l\u2019acheteur, de mani\u00e8re claire et compr\u00e9hensible, les informations suivantes :<\/span><\/p><p style=\"mso-margin-top-alt: auto; mso-margin-bottom-alt: auto;\"><span style=\"font-family: Arial; mso-fareast-language: FR;\">\u2013 les caract\u00e9ristiques essentielles du service ;<\/span><\/p><p style=\"mso-margin-top-alt: auto; mso-margin-bottom-alt: auto;\"><span style=\"font-family: Arial; mso-fareast-language: FR;\">\u2013 le prix\u00a0du service ou le mode de calcul du prix et, s\u2019il y a lieu, tous les frais suppl\u00e9mentaires de transport, de livraison ou d\u2019affranchissement et tous les autres frais \u00e9ventuels ;<\/span><\/p><p style=\"mso-margin-top-alt: auto; mso-margin-bottom-alt: auto;\"><span style=\"font-family: Arial; mso-fareast-language: FR;\">\u2013 la date ou le d\u00e9lai auquel le prestataire s\u2019engage \u00e0 ex\u00e9cuter le service, quel que soit son prix, et toute autre condition contractuelle\u00a0;<\/span><\/p><p style=\"mso-margin-top-alt: auto; mso-margin-bottom-alt: auto;\"><span style=\"font-family: Arial; mso-fareast-language: FR;\">\u2013 les informations relatives \u00e0 l\u2019identit\u00e9 du prestataire, \u00e0 ses coordonn\u00e9es postales, t\u00e9l\u00e9phoniques et \u00e9lectroniques, et \u00e0 ses activit\u00e9s\u00a0;<\/span><\/p><p style=\"mso-margin-top-alt: auto; mso-margin-bottom-alt: auto;\"><span style=\"font-family: Arial; mso-fareast-language: FR;\">\u2013\u00a0les modalit\u00e9s pr\u00e9vues pour le traitement des r\u00e9clamations ;<\/span><\/p><p style=\"mso-margin-top-alt: auto; mso-margin-bottom-alt: auto;\"><span style=\"font-family: Arial; mso-fareast-language: FR;\">\u2013 la dur\u00e9e du contrat, lorsqu\u2019il est conclu \u00e0 dur\u00e9e d\u00e9termin\u00e9e, ou les conditions de sa r\u00e9siliation en cas de contrat \u00e0 dur\u00e9e ind\u00e9termin\u00e9e ;<\/span><\/p><p style=\"mso-margin-top-alt: auto; mso-margin-bottom-alt: auto;\"><span style=\"font-family: Arial; mso-fareast-language: FR;\">\u2013 en ce qui concerne le contenu num\u00e9rique toute interop\u00e9rabilit\u00e9 pertinente de ce contenu avec certains mat\u00e9riels ou logiciels dont le professionnel a ou devrait raisonnablement avoir connaissance.<\/span><\/p><p style=\"mso-margin-top-alt: auto; mso-margin-bottom-alt: auto;\"><span style=\"font-family: Arial; mso-fareast-language: FR;\">Le prestataire de services doit \u00e9galement communiquer \u00e0 l\u2019acheteur, ou mettre \u00e0 sa disposition, les informations suivantes :<\/span><\/p><p style=\"mso-margin-top-alt: auto; mso-margin-bottom-alt: auto;\"><span style=\"font-family: Arial; mso-fareast-language: FR;\">\u2013 statut et forme juridique, coordonn\u00e9es permettant d\u2019entrer en contact rapidement et de communiquer directement avec lui ;<\/span><\/p><p style=\"mso-margin-top-alt: auto; mso-margin-bottom-alt: auto;\"><span style=\"font-family: Arial; mso-fareast-language: FR;\">\u2013 le cas \u00e9ch\u00e9ant, le num\u00e9ro d\u2019inscription au registre du commerce et des soci\u00e9t\u00e9s ou au r\u00e9pertoire des m\u00e9tiers ;<\/span><\/p><p style=\"mso-margin-top-alt: auto; mso-margin-bottom-alt: auto;\"><span style=\"font-family: Arial; mso-fareast-language: FR;\">\u2013 pour les activit\u00e9s soumises \u00e0 un r\u00e9gime d\u2019autorisation, le nom et l\u2019adresse de l\u2019autorit\u00e9 l\u2019ayant d\u00e9livr\u00e9e ;<\/span><\/p><p style=\"mso-margin-top-alt: auto; mso-margin-bottom-alt: auto;\"><span style=\"font-family: Arial; mso-fareast-language: FR;\">\u2013 pour le prestataire assujetti \u00e0 la taxe sur la valeur ajout\u00e9e et identifi\u00e9 par un num\u00e9ro individuel en application de l\u2019article 286\u00a0<i>ter<\/i>\u00a0du code g\u00e9n\u00e9ral des imp\u00f4ts, son num\u00e9ro individuel d\u2019identification ;<\/span><\/p><p style=\"mso-margin-top-alt: auto; mso-margin-bottom-alt: auto;\"><span style=\"font-family: Arial; mso-fareast-language: FR;\">\u2013 pour le prestataire membre d\u2019une profession r\u00e9glement\u00e9e, son titre professionnel, l\u2019\u00c9tat membre de l\u2019UE dans lequel il a \u00e9t\u00e9 octroy\u00e9 ainsi que le nom de l\u2019ordre ou de l\u2019organisme professionnel aupr\u00e8s duquel il est inscrit ;<\/span><\/p><p style=\"mso-margin-top-alt: auto; mso-margin-bottom-alt: auto;\"><span style=\"font-family: Arial; mso-fareast-language: FR;\">\u2013 l\u2019\u00e9ventuelle garantie financi\u00e8re ou assurance de responsabilit\u00e9 professionnelle souscrite par lui, les coordonn\u00e9es de l\u2019assureur ou du garant ainsi que la couverture g\u00e9ographique du contrat ou de l\u2019engagement.<\/span><\/p><p style=\"mso-margin-top-alt: auto; mso-margin-bottom-alt: auto;\"><b><span style=\"font-family: Arial; mso-fareast-language: FR;\">Article 3 \u2013\u00a0Commande<\/span><\/b><\/p><p style=\"mso-margin-top-alt: auto; mso-margin-bottom-alt: auto;\"><span style=\"font-family: Arial; mso-fareast-language: FR;\"><br \/>Par commande, il faut entendre tout ordre portant sur les prestations figurant sur les tarifs du vendeur, et accept\u00e9 par lui, accompagn\u00e9 du paiement de l\u2019acompte \u00e9ventuellement pr\u00e9vu sur le bon de commande.<\/span><\/p><p style=\"mso-margin-top-alt: auto; mso-margin-bottom-alt: auto;\"><span style=\"font-family: Arial; mso-fareast-language: FR;\">Toute commande, pour \u00eatre valable, doit \u00eatre \u00e9tablie sur les bons de commande du vendeur, \u00e0 la disposition de la client\u00e8le dans ses magasins.<\/span><\/p><p style=\"mso-margin-top-alt: auto; mso-margin-bottom-alt: auto;\"><span style=\"font-family: Arial; mso-fareast-language: FR;\">Toute commande parvenue au vendeur est r\u00e9put\u00e9e ferme et d\u00e9finitive.<\/span><\/p><p style=\"mso-margin-top-alt: auto; mso-margin-bottom-alt: auto;\"><span style=\"font-family: Arial; mso-fareast-language: FR;\">Elle entra\u00eene adh\u00e9sion et acceptation pleine et enti\u00e8re des pr\u00e9sentes conditions g\u00e9n\u00e9rales de vente et obligation de paiement des produits command\u00e9s.<\/span><\/p><p style=\"mso-margin-top-alt: auto; mso-margin-bottom-alt: auto;\"><span style=\"font-family: Arial; mso-fareast-language: FR;\">L\u2019acheteur dispose d\u2019un droit de r\u00e9tractation de 14 jours \u00e0 compter de la conclusion du contrat, sauf exception pr\u00e9vue par l\u2019article L.211-28 du Code de la consommation.<\/span><\/p><p style=\"mso-margin-top-alt: auto; mso-margin-bottom-alt: auto;\"><span style=\"font-family: Arial; mso-fareast-language: FR;\"><br \/><b>Article 4 \u2013\u00a0Devis<\/b><\/span><\/p><p style=\"mso-margin-top-alt: auto; mso-margin-bottom-alt: auto;\"><span style=\"font-family: Arial; mso-fareast-language: FR;\"><br \/>Pour les services donnant lieu \u00e0 l\u2019\u00e9tablissement d\u2019un devis pr\u00e9alable, la vente ne sera consid\u00e9r\u00e9e comme d\u00e9finitive qu\u2019apr\u00e8s \u00e9tablissement d\u2019un devis par le prestataire et envoi \u00e0 l\u2019acheteur de la confirmation de l\u2019acceptation de la commande.<\/span><\/p><p style=\"mso-margin-top-alt: auto; mso-margin-bottom-alt: auto;\"><span style=\"font-family: Arial; mso-fareast-language: FR;\">Les devis \u00e9tablis par le prestataire ont une dur\u00e9e de validit\u00e9 de\u00a01 jours.<\/span><\/p><p style=\"mso-margin-top-alt: auto; mso-margin-bottom-alt: auto;\"><b><span style=\"font-family: Arial; mso-fareast-language: FR;\">Article 5 \u2013\u00a0Ex\u00e9cution de la prestation et r\u00e9solution du contrat<\/span><\/b><\/p><p style=\"mso-margin-top-alt: auto; mso-margin-bottom-alt: auto;\"><span style=\"font-family: Arial; mso-fareast-language: FR;\"><br \/>Sauf conditions particuli\u00e8res expresses propres \u00e0 la vente, l\u2019ex\u00e9cution de la prestation s\u2019effectuera dans le d\u00e9lai de\u00a01 jour ouvrable\u00a0\u00e0 compter de la r\u00e9ception par le vendeur d\u2019une commande en bonne et due forme.<\/span><\/p><p style=\"mso-margin-top-alt: auto; mso-margin-bottom-alt: auto;\"><span style=\"font-family: Arial; mso-fareast-language: FR;\">En cas de manquement du vendeur \u00e0 son obligation d\u2019ex\u00e9cution \u00e0 la date ou \u00e0 l\u2019expiration du d\u00e9lai pr\u00e9vu ci-dessus, ou, \u00e0 d\u00e9faut, au plus tard 30 jours apr\u00e8s la conclusion du contrat, l\u2019acheteur peut r\u00e9soudre le contrat, dans les conditions des articles L. 216-2 et L. 216-3 et L. 216-4\u00a0du code de la consommation, par lettre recommand\u00e9e avec demande d\u2019avis de r\u00e9ception ou par un \u00e9crit sur un autre support durable, si, apr\u00e8s avoir enjoint, selon les m\u00eames modalit\u00e9s, le professionnel de fournir le service dans un d\u00e9lai suppl\u00e9mentaire raisonnable, ce dernier ne s\u2019est pas ex\u00e9cut\u00e9 dans ce d\u00e9lai.<\/span><\/p><p style=\"mso-margin-top-alt: auto; mso-margin-bottom-alt: auto;\"><span style=\"font-family: Arial; mso-fareast-language: FR;\">Le contrat est consid\u00e9r\u00e9 comme r\u00e9solu \u00e0 la r\u00e9ception par le professionnel de la lettre ou de l\u2019\u00e9crit l\u2019informant de cette r\u00e9solution, \u00e0 moins que le professionnel ne se soit ex\u00e9cut\u00e9 entre-temps.<\/span><\/p><p style=\"mso-margin-top-alt: auto; mso-margin-bottom-alt: auto;\"><span style=\"font-family: Arial; mso-fareast-language: FR;\">N\u00e9anmoins, l\u2019acheteur peut imm\u00e9diatement r\u00e9soudre le contrat lorsque le professionnel refuse de fournir le service ou lorsqu\u2019il n\u2019ex\u00e9cute pas son obligation de fourniture du service \u00e0 la date pr\u00e9vue, si cette date ou ce d\u00e9lai constitue pour l\u2019acheteur une condition essentielle du contrat. Cette condition essentielle r\u00e9sulte des circonstances qui entourent la conclusion du contrat ou d\u2019une demande expresse du consommateur avant la conclusion du contrat.<\/span><\/p><p style=\"mso-margin-top-alt: auto; mso-margin-bottom-alt: auto;\"><span style=\"font-family: Arial; mso-fareast-language: FR;\">Les frais et les risques li\u00e9s \u00e0 cette op\u00e9ration sont \u00e0 la charge exclusive du prestataire.<\/span><\/p><p style=\"mso-margin-top-alt: auto; mso-margin-bottom-alt: auto;\"><span style=\"font-family: Arial; mso-fareast-language: FR;\">Hormis cas de force majeure, l\u2019acompte vers\u00e9 \u00e0 la commande est acquis de plein droit et ne peut donner lieu \u00e0 aucun remboursement.<\/span><\/p><p style=\"mso-margin-top-alt: auto; mso-margin-bottom-alt: auto;\"><b><span style=\"font-family: Arial; mso-fareast-language: FR;\">Article 6- Exceptions au d\u00e9lai de r\u00e9tractation<\/span><\/b><\/p><p style=\"mso-margin-top-alt: auto; mso-margin-bottom-alt: auto;\"><span style=\"font-family: Arial; mso-fareast-language: FR;\">Le d\u00e9lai de r\u00e9tractation de 1 jours ne concerne pas la ou les situations ci-dessous \u00e9num\u00e9r\u00e9es:<\/span><\/p><p style=\"mso-margin-top-alt: auto; mso-margin-bottom-alt: auto;\"><span style=\"font-family: Arial; mso-fareast-language: FR;\">\u2013\u00a0La prestation concerne des services d\u2019h\u00e9bergement (h\u00f4tellerie, camping\u2026).\u00a0<\/span><\/p><p style=\"mso-margin-top-alt: auto; mso-margin-bottom-alt: auto;\"><b><span style=\"font-family: Arial; mso-fareast-language: FR;\">Annulation de la commande\u00a0<br \/><\/span><\/b><span style=\"font-family: Arial; mso-fareast-language: FR;\">En\u00a0cas d\u2019annulation de la commande par l\u2019acheteur, apr\u00e8s acceptation du vendeur, pour quelque raison que ce soit hormis la force majeure, une somme correspondant \u00e0\u00a0100\u00a0% du montant de l\u2019achat sera acquise au vendeur, \u00e0 titre de dommages et int\u00e9r\u00eats, en r\u00e9paration du pr\u00e9judice ainsi subi.<\/span><\/p><p style=\"mso-margin-top-alt: auto; mso-margin-bottom-alt: auto;\"><b><span style=\"font-family: Arial; mso-fareast-language: FR;\">Article 7\u00a0\u2013\u00a0Prix<\/span><\/b><\/p><p style=\"mso-margin-top-alt: auto; mso-margin-bottom-alt: auto;\"><span style=\"font-family: Arial; mso-fareast-language: FR;\"><br \/>Les prix sont fermes et d\u00e9finitifs. Sauf conditions particuli\u00e8res expresses propres \u00e0 la vente, les prix des prestations effectu\u00e9es sont ceux figurant dans le catalogue des prix au jour de la commande.<\/span><\/p><p style=\"mso-margin-top-alt: auto; mso-margin-bottom-alt: auto;\"><span style=\"font-family: Arial; mso-fareast-language: FR;\">Ils sont exprim\u00e9s en monnaie l\u00e9gale (se r\u00e9f\u00e9rer au contrat de location)<\/span><\/p><p style=\"mso-margin-top-alt: auto; mso-margin-bottom-alt: auto;\"><span style=\"font-family: Arial; mso-fareast-language: FR;\">\u00a0<br \/><b>Article 8\u00a0\u2013\u00a0Paiement<\/b><\/span><\/p><p style=\"mso-margin-top-alt: auto; mso-margin-bottom-alt: auto;\"><span style=\"font-family: Arial; mso-fareast-language: FR;\">Le paiement intervient dans un d\u00e9lai de\u00a030% \u00e0 la r\u00e9servation 70% un mois avant le s\u00e9jour\u00a0\u00e0 compter de la date de r\u00e9alisation de la prestation.<\/span><\/p><p style=\"mso-margin-top-alt: auto; mso-margin-bottom-alt: auto;\"><span style=\"font-family: Arial; mso-fareast-language: FR;\">Une somme pay\u00e9e d\u2019avance\u00a0calcul\u00e9e selon les modalit\u00e9s suivantes :\u00a0ch\u00e8que de caution non encaiss\u00e9, est exig\u00e9e lors de la passation de la commande par l\u2019acheteur. Sauf stipulation contraire, pour tout contrat de vente ou de prestation de services conclu entre un professionnel et un consommateur, les sommes vers\u00e9es d\u2019avance sont des arrhes, au sens de l\u2019article 1590 du code civil.\u00a0<br \/>Dans ce cas, chacun des contractants peut revenir sur son engagement, le consommateur en perdant les arrhes, le professionnel en les restituant au double.<\/span><\/p><p style=\"mso-margin-top-alt: auto; mso-margin-bottom-alt: auto;\"><span style=\"font-family: Arial; mso-fareast-language: FR;\">Les paiements effectu\u00e9s par l\u2019acheteur ne seront consid\u00e9r\u00e9s comme d\u00e9finitifs qu\u2019apr\u00e8s encaissement effectif des sommes dues par le prestataire.<\/span><\/p><p style=\"mso-margin-top-alt: auto; mso-margin-bottom-alt: auto;\"><span style=\"font-family: Arial; mso-fareast-language: FR;\">Une facture sera remise \u00e0 l\u2019acheteur sur simple demande.<\/span><\/p><p style=\"mso-margin-top-alt: auto; mso-margin-bottom-alt: auto;\"><b><span style=\"font-family: Arial; mso-fareast-language: FR;\">Article 9\u00a0\u2013\u00a0Garanties \u2013 G\u00e9n\u00e9ralit\u00e9s<\/span><\/b><\/p><p style=\"mso-margin-top-alt: auto; mso-margin-bottom-alt: auto;\"><b><span style=\"font-family: Arial; mso-fareast-language: FR;\">9-1 Garantie l\u00e9gale de conformit\u00e9<\/span><\/b><\/p><p style=\"mso-margin-top-alt: auto; mso-margin-bottom-alt: auto;\"><span style=\"font-family: Arial; mso-fareast-language: FR;\">\u00a0est garant de la conformit\u00e9 du bien vendu au contrat, permettant \u00e0 l\u2019acheteur de formuler une demande au titre de la garantie l\u00e9gale de conformit\u00e9 pr\u00e9vue aux articles L. 217-4 et suivants du code de la consommation.<\/span><\/p><p style=\"mso-margin-top-alt: auto; mso-margin-bottom-alt: auto;\"><span style=\"font-family: Arial; mso-fareast-language: FR;\">En cas de mise en oeuvre de la garantie l\u00e9gale de conformit\u00e9, il est rappel\u00e9 que :<\/span><\/p><p style=\"mso-margin-top-alt: auto; mso-margin-bottom-alt: auto;\"><span style=\"font-family: Arial; mso-fareast-language: FR;\">\u2013 \u00a0l\u2019acheteur b\u00e9n\u00e9ficie d\u2019un d\u00e9lai de 2 ans \u00e0 compter de la d\u00e9livrance du bien pour agir ;<\/span><\/p><p style=\"mso-margin-top-alt: auto; mso-margin-bottom-alt: auto;\"><span style=\"font-family: Arial; mso-fareast-language: FR;\">\u2013 \u00a0l\u2019acheteur peut choisir entre la r\u00e9paration ou le remplacement du bien, sous r\u00e9serve des conditions de co\u00fbt pr\u00e9vues par l\u2019article L. 217-17 du code de la consommation ;<\/span><\/p><p style=\"mso-margin-top-alt: auto; mso-margin-bottom-alt: auto;\"><span style=\"font-family: Arial; mso-fareast-language: FR;\">\u2013 \u00a0l\u2019acheteur n\u2019a pas \u00e0 apporter la preuve de la non-conformit\u00e9 du bien durant les\u00a024 mois en cas de biens neufs (6 mois en cas de biens d\u2019occasion), suivant la d\u00e9livrance du bien.<\/span><\/p><p style=\"mso-margin-top-alt: auto; mso-margin-bottom-alt: auto;\"><b><span style=\"font-family: Arial; mso-fareast-language: FR;\">9-2 Garantie l\u00e9gales des vices cach\u00e9s<\/span><\/b><\/p><p style=\"mso-margin-top-alt: auto; mso-margin-bottom-alt: auto;\"><span style=\"font-family: Arial; mso-fareast-language: FR;\">Conform\u00e9ment aux articles 1641 et suivants du code civil,\u00a0\u00a0est garant des vices cach\u00e9s pouvant affecter le bien vendu. Il appartiendra \u00e0\u00a0l\u2019acheteur de prouver\u00a0que les vices existaient \u00e0 la vente du bien et\u00a0sont de nature \u00e0\u00a0rendre le bien impropre \u00e0 l\u2019usage auquel il est\u00a0destin\u00e9. Cette garantie doit \u00eatre mise en oeuvre dans un d\u00e9lai de deux ans \u00e0 compter de la d\u00e9couverte du vice.\u00a0<\/span><\/p><p style=\"mso-margin-top-alt: auto; mso-margin-bottom-alt: auto;\"><span style=\"font-family: Arial; mso-fareast-language: FR;\">L\u2019acheteur peut choisir entre la r\u00e9solution de la vente ou une r\u00e9duction du prix conform\u00e9ment \u00e0 l\u2019article 1644 du code civil.<\/span><\/p><p style=\"mso-margin-top-alt: auto; mso-margin-bottom-alt: auto;\"><span style=\"font-family: Arial; mso-fareast-language: FR;\"><br \/><b>Article 10\u00a0\u2013\u00a0Propri\u00e9t\u00e9 intellectuelle<\/b><\/span><\/p><p style=\"mso-margin-top-alt: auto; mso-margin-bottom-alt: auto;\"><span style=\"font-family: Arial; mso-fareast-language: FR;\">Tous les documents techniques, produits, dessins, photographies remis aux acheteurs demeurent la propri\u00e9t\u00e9 exclusive de\u00a0, seul titulaire des droits de propri\u00e9t\u00e9 intellectuelle sur ces documents, et doivent lui \u00eatre rendus \u00e0 sa demande.<\/span><\/p><p style=\"mso-margin-top-alt: auto; mso-margin-bottom-alt: auto;\"><span style=\"font-family: Arial; mso-fareast-language: FR;\">Les acheteurs clients s\u2019engagent \u00e0 ne faire aucun usage de ces documents, susceptible de porter atteinte aux droits de propri\u00e9t\u00e9 industrielle ou intellectuelle du fournisseur et s\u2019engagent \u00e0 ne les divulguer \u00e0 aucun tiers.<\/span><\/p><p style=\"mso-margin-top-alt: auto; mso-margin-bottom-alt: auto;\"><span style=\"font-family: Arial; mso-fareast-language: FR;\"><br \/><b>Article 11\u00a0\u2013\u00a0Juridiction comp\u00e9tente<\/b><\/span><\/p><p style=\"mso-margin-top-alt: auto; mso-margin-bottom-alt: auto;\"><span style=\"font-family: Arial; mso-fareast-language: FR;\">Tous les litiges auxquels les op\u00e9rations d\u2019achat et de vente conclues en application des pr\u00e9sentes conditions g\u00e9n\u00e9rales de vente pourraient donner lieu, concernant tant leur validit\u00e9, leur interpr\u00e9tation, leur ex\u00e9cution, leur r\u00e9siliation, leurs cons\u00e9quences et leurs suites et qui n\u2019auraient pas pu \u00eatre r\u00e9solus \u00e0 l\u2019amiable entre le vendeur et le client, seront soumis aux tribunaux comp\u00e9tents dans les conditions de droit commun.<\/span><\/p><p style=\"mso-margin-top-alt: auto; mso-margin-bottom-alt: auto;\"><span style=\"font-family: Arial; mso-fareast-language: FR;\">Pour la d\u00e9finition de la juridiction comp\u00e9tente, le vendeur \u00e9lit domicile\u00a0<span style=\"color: #0070c0;\">: les Haies -45700 CONFLANS SUR LOING<\/span><\/span><\/p><p style=\"mso-margin-top-alt: auto; mso-margin-bottom-alt: auto;\"><span style=\"font-family: Arial; mso-fareast-language: FR;\"><br \/><b>Article 12\u00a0\u2013\u00a0Langue du contrat<\/b><\/span><\/p><p style=\"mso-margin-top-alt: auto; mso-margin-bottom-alt: auto;\"><span style=\"font-family: Arial; mso-fareast-language: FR;\">Les pr\u00e9sentes conditions g\u00e9n\u00e9rales de vente sont r\u00e9dig\u00e9es en langue fran\u00e7aise. Dans le cas o\u00f9 elles seraient traduites en une ou plusieurs langues \u00e9trang\u00e8res, seul le texte fran\u00e7ais ferait foi en cas de litige.<\/span><\/p><p style=\"mso-margin-top-alt: auto; mso-margin-bottom-alt: auto;\"><span style=\"font-family: Arial; mso-fareast-language: FR;\"><br \/><b>Article 13\u00a0\u2013\u00a0M\u00e9diation et r\u00e8glement des litiges<\/b><\/span><\/p><p style=\"mso-margin-top-alt: auto; mso-margin-bottom-alt: auto;\"><span style=\"font-family: Arial; mso-fareast-language: FR;\">L\u2019acheteur peut recourir \u00e0 une m\u00e9diation conventionnelle, notamment aupr\u00e8s de la Commission de la m\u00e9diation de la consommation ou aupr\u00e8s des instances de m\u00e9diation sectorielles existantes, ou \u00e0 tout mode alternatif de r\u00e8glement des diff\u00e9rends (conciliation, par exemple) en cas de contestation.\u00a0<\/span><\/p><p style=\"mso-margin-top-alt: auto; mso-margin-bottom-alt: auto;\"><span style=\"font-family: Arial; mso-fareast-language: FR;\">En cas de contestation, les coordonn\u00e9es du m\u00e9diateur auquel l\u2019acheteur\u00a0peut s\u2019adresser sont les suivantes :\u00a0service de m\u00e9diation,\u00a0sur rendez vous ,\u00a0mairie de G\u00e9rardmer,\u00a088400,\u00a0.<\/span><\/p><p style=\"mso-margin-top-alt: auto; mso-margin-bottom-alt: auto;\"><b><span style=\"font-family: Arial; mso-fareast-language: FR;\">Article 14 \u2013 Loi applicable<\/span><\/b><\/p><p style=\"mso-margin-top-alt: auto; mso-margin-bottom-alt: auto;\"><span style=\"font-family: Arial; mso-fareast-language: FR;\">Les pr\u00e9sentes conditions g\u00e9n\u00e9rales sont soumises \u00e0 l\u2019application du droit fran\u00e7ais.\u00a0<\/span><\/p><p style=\"mso-margin-top-alt: auto; mso-margin-bottom-alt: auto;\"><span style=\"font-family: Arial; mso-fareast-language: FR;\">Il en est ainsi pour les r\u00e8gles de fond comme pour les r\u00e8gles de forme. En cas de litige ou de r\u00e9clamation, l\u2019acheteur s\u2019adressera en priorit\u00e9 au vendeur pour obtenir une solution amiable.<\/span><\/p><p style=\"mso-margin-top-alt: auto; mso-margin-bottom-alt: auto;\"><b><span style=\"font-family: Arial; mso-fareast-language: FR;\">Article 15\u00a0\u2013 Protection des donn\u00e9es personnelles<\/span><\/b><\/p><p style=\"mso-margin-top-alt: auto; mso-margin-bottom-alt: auto;\"><b><span style=\"font-family: Arial; mso-fareast-language: FR;\">Donn\u00e9es collect\u00e9es :<\/span><\/b><\/p><p style=\"mso-margin-top-alt: auto; mso-margin-bottom-alt: auto;\"><span style=\"font-family: Arial; mso-fareast-language: FR;\">Les donn\u00e9es \u00e0 caract\u00e8re personnel qui sont collect\u00e9es sur ce site\u00a0sont les suivantes\u00a0:<\/span><\/p><p style=\"mso-margin-top-alt: auto; mso-margin-bottom-alt: auto;\"><b><span style=\"font-family: Arial; mso-fareast-language: FR;\">\u2013 ouverture de compte :\u00a0<\/span><\/b><span style=\"font-family: Arial; mso-fareast-language: FR;\">lors de la cr\u00e9ation du compte de l\u2019utilisateur, ses\u00a0nom ;\u00a0pr\u00e9nom ;\u00a0adresse \u00e9lectronique ;\u00a0n\u00b0 de t\u00e9l\u00e9phone ;\u00a0adresse postale ;\u00a0<\/span><\/p><p style=\"mso-margin-top-alt: auto; mso-margin-bottom-alt: auto;\"><b><span style=\"font-family: Arial; mso-fareast-language: FR;\">\u2013 connexion :\u00a0<\/span><\/b><span style=\"font-family: Arial; mso-fareast-language: FR;\">lors de la connexion de l\u2019utilisateur au site web, celui-ci enregistre, notamment, ses nom, pr\u00e9nom, donn\u00e9es de connexion, d\u2019utilisation, de localisation et ses donn\u00e9es relatives au paiement ;<\/span><\/p><p style=\"mso-margin-top-alt: auto; mso-margin-bottom-alt: auto;\"><b><span style=\"font-family: Arial; mso-fareast-language: FR;\">\u2013 profil :\u00a0<\/span><\/b><span style=\"font-family: Arial; mso-fareast-language: FR;\">l\u2019utilisation des prestations pr\u00e9vues sur le site web\u00a0permet de renseigner un profil, pouvant comprendre une adresse et un num\u00e9ro de t\u00e9l\u00e9phone ;<\/span><\/p><p style=\"mso-margin-top-alt: auto; mso-margin-bottom-alt: auto;\"><b><span style=\"font-family: Arial; mso-fareast-language: FR;\">\u2013 paiement :\u00a0<\/span><\/b><span style=\"font-family: Arial; mso-fareast-language: FR;\">dans le cadre du paiement des produits et prestations propos\u00e9s sur le site web, celui-ci enregistre des donn\u00e9es financi\u00e8res relatives au compte bancaire ou \u00e0 la carte de cr\u00e9dit de l\u2019utilisateur ;<\/span><\/p><p style=\"mso-margin-top-alt: auto; mso-margin-bottom-alt: auto;\"><b><span style=\"font-family: Arial; mso-fareast-language: FR;\">\u2013 communication :\u00a0<\/span><\/b><span style=\"font-family: Arial; mso-fareast-language: FR;\">lorsque le site web\u00a0est utilis\u00e9\u00a0pour communiquer avec d\u2019autres membres, les donn\u00e9es concernant les communications de l\u2019utilisateur font l\u2019objet d\u2019une conservation temporaire ;<\/span><\/p><p style=\"mso-margin-top-alt: auto; mso-margin-bottom-alt: auto;\"><b><span style=\"font-family: Arial; mso-fareast-language: FR;\">\u2013 cookies :<\/span><\/b><span style=\"font-family: Arial; mso-fareast-language: FR;\">\u00a0les cookies sont utilis\u00e9s, dans le cadre de l\u2019utilisation du site. L\u2019utilisateur a la possibilit\u00e9 de d\u00e9sactiver les cookies \u00e0 partir des param\u00e8tres de son navigateur.<\/span><\/p><p style=\"mso-margin-top-alt: auto; mso-margin-bottom-alt: auto;\"><b><span style=\"font-family: Arial; mso-fareast-language: FR;\">Utilisation des donn\u00e9es personnelles<\/span><\/b><\/p><p style=\"mso-margin-top-alt: auto; mso-margin-bottom-alt: auto;\"><span style=\"font-family: Arial; mso-fareast-language: FR;\">Les donn\u00e9es personnelles collect\u00e9es aupr\u00e8s des utilisateurs ont pour objectif la mise \u00e0 disposition des services du site web, leur am\u00e9lioration et le maintien d\u2019un environnement s\u00e9curis\u00e9. Plus pr\u00e9cis\u00e9ment, les utilisations sont les suivantes\u00a0:<\/span><\/p><p style=\"mso-margin-top-alt: auto; mso-margin-bottom-alt: auto;\"><span style=\"font-family: Arial; mso-fareast-language: FR;\">\u2013\u00a0\u00a0acc\u00e8s et utilisation du site web\u00a0par l\u2019utilisateur\u00a0;<\/span><\/p><p style=\"mso-margin-top-alt: auto; mso-margin-bottom-alt: auto;\"><span style=\"font-family: Arial; mso-fareast-language: FR;\">\u2013\u00a0\u00a0gestion du fonctionnement et optimisation du site web\u00a0;<\/span><\/p><p style=\"mso-margin-top-alt: auto; mso-margin-bottom-alt: auto;\"><span style=\"font-family: Arial; mso-fareast-language: FR;\">\u2013\u00a0\u00a0organisation des conditions d\u2019utilisation des Services de paiement\u00a0;<\/span><\/p><p style=\"mso-margin-top-alt: auto; mso-margin-bottom-alt: auto;\"><span style=\"font-family: Arial; mso-fareast-language: FR;\">\u2013\u00a0\u00a0v\u00e9rification, identification et authentification des donn\u00e9es transmises par l\u2019utilisateur\u00a0;<\/span><\/p><p style=\"mso-margin-top-alt: auto; mso-margin-bottom-alt: auto;\"><span style=\"font-family: Arial; mso-fareast-language: FR;\">\u2013\u00a0\u00a0proposition \u00e0 l\u2019utilisateur de la possibilit\u00e9 de communiquer avec d\u2019autres utilisateurs du site web\u00a0;<\/span><\/p><p style=\"mso-margin-top-alt: auto; mso-margin-bottom-alt: auto;\"><span style=\"font-family: Arial; mso-fareast-language: FR;\">\u2013\u00a0\u00a0mise en oeuvre d\u2019une assistance utilisateurs\u00a0;<\/span><\/p><p style=\"mso-margin-top-alt: auto; mso-margin-bottom-alt: auto;\"><span style=\"font-family: Arial; mso-fareast-language: FR;\">\u2013\u00a0\u00a0personnalisation des services en affichant des publicit\u00e9s en fonction de l\u2019historique de navigation de l\u2019utilisateur, selon ses pr\u00e9f\u00e9rences\u00a0;<\/span><\/p><p style=\"mso-margin-top-alt: auto; mso-margin-bottom-alt: auto;\"><span style=\"font-family: Arial; mso-fareast-language: FR;\">\u2013\u00a0\u00a0pr\u00e9vention et d\u00e9tection des fraudes, malwares (malicious softwares ou logiciels malveillants) et gestion des incidents de s\u00e9curit\u00e9\u00a0;<\/span><\/p><p style=\"mso-margin-top-alt: auto; mso-margin-bottom-alt: auto;\"><span style=\"font-family: Arial; mso-fareast-language: FR;\">\u2013\u00a0\u00a0gestion des \u00e9ventuels litiges avec les utilisateurs\u00a0;<\/span><\/p><p style=\"mso-margin-top-alt: auto; mso-margin-bottom-alt: auto;\"><span style=\"font-family: Arial; mso-fareast-language: FR;\">\u2013\u00a0\u00a0envoi d\u2019informations commerciales et publicitaires, en fonction des pr\u00e9f\u00e9rences de l\u2019utilisateur.<\/span><\/p><p><b>Partage des donn\u00e9es personnelles avec des tiers<\/b><\/p><p style=\"mso-margin-top-alt: auto; mso-margin-bottom-alt: auto;\"><span style=\"font-family: Arial; mso-fareast-language: FR;\">Les donn\u00e9es personnelles peuvent \u00eatre partag\u00e9es avec des soci\u00e9t\u00e9s tierces, dans les cas suivants\u00a0:<\/span><\/p><p style=\"mso-margin-top-alt: auto; mso-margin-bottom-alt: auto;\"><span style=\"font-family: Arial; mso-fareast-language: FR;\">\u2013\u00a0\u00a0quand l\u2019utilisateur utilise les services de paiement, pour la mise en oeuvre de ces services, le site web\u00a0est en relation avec des soci\u00e9t\u00e9s bancaires et financi\u00e8res tierces avec lesquelles elle a pass\u00e9 des contrats\u00a0;<\/span><\/p><p style=\"mso-margin-top-alt: auto; mso-margin-bottom-alt: auto;\"><span style=\"font-family: Arial; mso-fareast-language: FR;\">\u2013\u00a0\u00a0lorsque l\u2019utilisateur publie, dans les zones de commentaires libres du site web, des informations accessibles au public\u00a0;<\/span><\/p><p style=\"mso-margin-top-alt: auto; mso-margin-bottom-alt: auto;\"><span style=\"font-family: Arial; mso-fareast-language: FR;\">\u2013\u00a0\u00a0quand l\u2019utilisateur autorise le site web d\u2019un tiers \u00e0 acc\u00e9der \u00e0 ses donn\u00e9es\u00a0;<\/span><\/p><p style=\"mso-margin-top-alt: auto; mso-margin-bottom-alt: auto;\"><span style=\"font-family: Arial; mso-fareast-language: FR;\">\u2013\u00a0\u00a0quand le site web\u00a0recourt aux services de prestataires pour fournir l\u2019assistance utilisateurs, la publicit\u00e9 et les services de paiement. Ces prestataires disposent d\u2019un acc\u00e8s limit\u00e9 aux donn\u00e9es de l\u2019utilisateur, dans le cadre de l\u2019ex\u00e9cution de ces prestations, et ont une obligation contractuelle de les utiliser en conformit\u00e9 avec les dispositions de la r\u00e9glementation applicable en mati\u00e8re protection des donn\u00e9es \u00e0 caract\u00e8re personnel\u00a0;<\/span><\/p><p style=\"mso-margin-top-alt: auto; mso-margin-bottom-alt: auto;\"><span style=\"font-family: Arial; mso-fareast-language: FR;\">\u2013\u00a0\u00a0si la loi l\u2019exige, le site web\u00a0peut effectuer la transmission de donn\u00e9es pour donner suite aux r\u00e9clamations pr\u00e9sent\u00e9es contre le site web\u00a0et se conformer aux proc\u00e9dures administratives et judiciaires\u00a0;<\/span><\/p><p style=\"mso-margin-top-alt: auto; mso-margin-bottom-alt: auto;\"><span style=\"font-family: Arial; mso-fareast-language: FR;\">\u2013\u00a0\u00a0si le site web\u00a0est impliqu\u00e9e dans une op\u00e9ration de fusion, acquisition, cession d\u2019actifs ou proc\u00e9dure de redressement judiciaire, elle pourra \u00eatre amen\u00e9e \u00e0 c\u00e9der ou partager tout ou partie de ses actifs, y compris les donn\u00e9es \u00e0 caract\u00e8re personnel. Dans ce cas, les utilisateurs seraient inform\u00e9s, avant que les donn\u00e9es \u00e0 caract\u00e8re personnel ne soient transf\u00e9r\u00e9es \u00e0 une tierce partie.<\/span><\/p><p><b>S\u00e9curit\u00e9 et confidentialit\u00e9<\/b><\/p><p style=\"mso-margin-top-alt: auto; mso-margin-bottom-alt: auto;\"><span style=\"font-family: Arial; mso-fareast-language: FR;\">Le site web\u00a0met en oeuvre des mesures organisationnelles, techniques, logicielles et physiques en mati\u00e8re de s\u00e9curit\u00e9 du num\u00e9rique pour prot\u00e9ger les donn\u00e9es personnelles contre les alt\u00e9rations, destructions et acc\u00e8s non autoris\u00e9s. Toutefois, il est \u00e0 signaler qu\u2019internet n\u2019est pas un environnement compl\u00e8tement s\u00e9curis\u00e9 et le site web\u00a0ne peut pas garantir la s\u00e9curit\u00e9 de la transmission ou du stockage des informations sur internet.<\/span><\/p><p style=\"mso-margin-top-alt: auto; mso-margin-bottom-alt: auto;\"><span style=\"font-family: Arial; mso-fareast-language: FR;\"><br \/><b>Mise en oeuvre des droits des utilisateurs<\/b><\/span><\/p><p style=\"mso-margin-top-alt: auto; mso-margin-bottom-alt: auto;\"><span style=\"font-family: Arial; mso-fareast-language: FR;\">En application de la r\u00e9glementation applicable aux donn\u00e9es \u00e0 caract\u00e8re personnel, les utilisateurs disposent des droits ci-dessous mentionn\u00e9s, qu\u2019ils peuvent exercer en faisant leur demande \u00e0 l\u2019adresse suivante :\u00a0lorin.beatrice@gmail.com<\/span><\/p><ul type=\"disc\"><li style=\"mso-margin-top-alt: auto; mso-margin-bottom-alt: auto; mso-list: l3 level1 lfo1; tab-stops: list 36.0pt;\"><span style=\"font-family: Arial; mso-fareast-font-family: 'Times New Roman'; mso-fareast-language: FR;\">Le droit d\u2019acc\u00e8s\u00a0: ils peuvent exercer leur droit d\u2019acc\u00e8s, pour conna\u00eetre les donn\u00e9es personnelles les concernant.\u00a0Dans ce cas, avant la mise en \u0153uvre de ce droit, le site web\u00a0peut demander une preuve de l\u2019identit\u00e9 de l\u2019utilisateur afin d\u2019en v\u00e9rifier l\u2019exactitude.\u00a0<\/span><\/li><li style=\"mso-margin-top-alt: auto; mso-margin-bottom-alt: auto; mso-list: l3 level1 lfo1; tab-stops: list 36.0pt;\"><span style=\"font-family: Arial; mso-fareast-font-family: 'Times New Roman'; mso-fareast-language: FR;\">Le droit de rectification\u00a0: si les donn\u00e9es \u00e0 caract\u00e8re personnel d\u00e9tenues par le site web\u00a0sont inexactes, ils peuvent demander la mise \u00e0 jour des informations.<\/span><\/li><li style=\"mso-margin-top-alt: auto; mso-margin-bottom-alt: auto; mso-list: l3 level1 lfo1; tab-stops: list 36.0pt;\"><span style=\"font-family: Arial; mso-fareast-font-family: 'Times New Roman'; mso-fareast-language: FR;\">Le droit de suppression des donn\u00e9es\u00a0: les utilisateurs peuvent demander la suppression de leurs donn\u00e9es \u00e0 caract\u00e8re personnel, conform\u00e9ment aux lois applicables en mati\u00e8re de protection des donn\u00e9es.\u00a0<\/span><\/li><li style=\"mso-margin-top-alt: auto; mso-margin-bottom-alt: auto; mso-list: l3 level1 lfo1; tab-stops: list 36.0pt;\"><span style=\"font-family: Arial; mso-fareast-font-family: 'Times New Roman'; mso-fareast-language: FR;\">Le droit \u00e0 la limitation du traitement\u00a0: les utilisateurs peuvent de demander au site web\u00a0de limiter le traitement des donn\u00e9es personnelles conform\u00e9ment aux hypoth\u00e8ses pr\u00e9vues par le RGPD.\u00a0<\/span><\/li><li style=\"mso-margin-top-alt: auto; mso-margin-bottom-alt: auto; mso-list: l3 level1 lfo1; tab-stops: list 36.0pt;\"><span style=\"font-family: Arial; mso-fareast-font-family: 'Times New Roman'; mso-fareast-language: FR;\">Le droit de s\u2019opposer au traitement des donn\u00e9es\u00a0: les utilisateurs peuvent s\u2019opposer \u00e0 ce que ses donn\u00e9es soient trait\u00e9es conform\u00e9ment aux hypoth\u00e8ses pr\u00e9vues par le RGPD. \u00a0<\/span><\/li><li style=\"mso-margin-top-alt: auto; mso-margin-bottom-alt: auto; mso-list: l3 level1 lfo1; tab-stops: list 36.0pt;\"><span style=\"font-family: Arial; mso-fareast-font-family: 'Times New Roman'; mso-fareast-language: FR;\">Le droit \u00e0 la portabilit\u00e9\u00a0: ils peuvent r\u00e9clamer que le site web\u00a0leur remette les donn\u00e9es personnelles qui lui sont fournies pour les transmettre \u00e0 un nouveau site web.<\/span><\/li><\/ul><p style=\"mso-margin-top-alt: auto; mso-margin-bottom-alt: auto;\"><b><span style=\"font-family: Arial; mso-fareast-language: FR;\">Evolution de la pr\u00e9sente clause<\/span><\/b><\/p><p style=\"mso-margin-top-alt: auto; mso-margin-bottom-alt: auto;\"><span style=\"font-family: Arial; mso-fareast-language: FR;\">Le site web\u00a0se r\u00e9serve le droit d\u2019apporter toute modification \u00e0 la pr\u00e9sente clause relative \u00e0 la protection des donn\u00e9es \u00e0 caract\u00e8re personnel \u00e0 tout moment. Si une modification est apport\u00e9e \u00e0 la pr\u00e9sente clause de protection des donn\u00e9es \u00e0 caract\u00e8re personnel, le site web\u00a0s\u2019engage \u00e0 publier la nouvelle version sur son site. Le site web\u00a0informera \u00e9galement les utilisateurs de la modification par messagerie \u00e9lectronique, dans un d\u00e9lai minimum de 15\u00a0jours avant la date d\u2019effet. Si l\u2019utilisateur n\u2019est pas d\u2019accord avec les termes de la nouvelle r\u00e9daction de la clause de protection des donn\u00e9es \u00e0 caract\u00e8re personnel, il a la possibilit\u00e9 de supprimer son compte.<\/span><\/p><div style=\"text-align: center;\" align=\"center\"><hr align=\"center\" size=\"2\" width=\"100%\" \/><\/div><p style=\"mso-margin-top-alt: auto; mso-margin-bottom-alt: auto;\"><b><span style=\"font-family: Arial; mso-fareast-language: FR;\">ANNEXE SPECIFIQUE <span style=\"mso-spacerun: yes;\">\u00a0<\/span>\u00ab\u00a0la parenth\u00e8se\u00a0\u00bb<\/span><\/b><\/p><ul type=\"disc\"><li style=\"mso-margin-top-alt: auto; mso-margin-bottom-alt: auto; mso-list: l4 level1 lfo2; tab-stops: list 36.0pt;\"><b><span style=\"font-family: Arial; mso-fareast-font-family: 'Times New Roman'; mso-fareast-language: FR;\">ANIMAL DE COMPAGNIE<\/span><\/b><\/li><\/ul><p style=\"mso-margin-top-alt: auto; mso-margin-bottom-alt: auto;\"><span style=\"font-family: Arial; mso-fareast-language: FR;\">Le locataire s\u2019engage \u00e0 n\u2019introduire aucun animal familier et de compagnie (chien, chat\u2026) dans le logement sans autorisation pr\u00e9alable du propri\u00e9taire, la possibilit\u00e9 de d\u00e9tention \u00e9tant subordonn\u00e9e au fait que l\u2019animal ne cause aucun d\u00e9g\u00e2t ni aucun trouble de jouissance dans le voisinage. <br \/><\/span><\/p><p style=\"mso-margin-top-alt: auto; mso-margin-bottom-alt: auto;\"><span style=\"font-family: Arial; mso-fareast-language: FR;\">\u00a0<\/span><\/p><ul type=\"disc\"><li style=\"mso-margin-top-alt: auto; mso-margin-bottom-alt: auto; mso-list: l0 level1 lfo3; tab-stops: list 36.0pt;\"><b><span style=\"font-family: Arial; mso-fareast-font-family: 'Times New Roman'; mso-fareast-language: FR;\">-DEPOT DE GARANTIE<\/span><\/b><\/li><\/ul><p style=\"mso-margin-top-alt: auto; mso-margin-bottom-alt: auto;\"><b><span style=\"font-family: Arial; mso-fareast-language: FR;\">A la r\u00e9servation,\u00a0 le Preneur remettra au Bailleur le ou les ch\u00e8ques de caution, non encaiss\u00e9s, ou empreinte bancaire, du montant indiqu\u00e9 dans le contrat de location, \u00e0 titre de d\u00e9p\u00f4t de garantie destin\u00e9 \u00e0 couvrir les dommages et\/ou d\u00e9gradations du logement et du mobilier et objets garnissant le logement caus\u00e9s par le Preneur, ainsi que les pertes de clefs ou d\u2019objets, <i>et le paiement du forfait m\u00e9nage si le chalet n\u2019est pas restitu\u00e9 dans des conditions impeccables.<\/i> Tout locataire doit signaler toute remarque \u00e9ventuelle dans un d\u00e9lai de 24 H apr\u00e8s son arriv\u00e9e. Le propri\u00e9taire ou les personnes responsables auront 48 H pour vous faire part de toute anomalie constat\u00e9e apr\u00e8s le d\u00e9part du locataire, sachant qu\u2019il est impossible de faire un \u00e9tat des lieux complet au moment du d\u00e9part et que toute anomalie sera constat\u00e9e lors de la pr\u00e9paration du chalet dans le d\u00e9lai pr\u00e9cis\u00e9 ci-dessus.<\/span><\/b><\/p><p style=\"mso-margin-top-alt: auto; mso-margin-bottom-alt: auto;\"><b><span style=\"font-family: Arial; mso-fareast-language: FR;\">Le d\u00e9p\u00f4t de garantie sera restitu\u00e9 au Preneur dans un d\u00e9lai maximum de 15 jours apr\u00e8s son d\u00e9part, d\u00e9duction faite le cas \u00e9ch\u00e9ant des sommes couvrant les dommages et\/ou d\u00e9gradations du logement et du mobilier et objets garnissant le logement caus\u00e9s par le Preneur, ainsi que les pertes de clefs ou d\u2019objets.<\/span><\/b><\/p><p style=\"mso-margin-top-alt: auto; mso-margin-bottom-alt: auto;\"><span style=\"font-family: Arial; mso-fareast-language: FR;\">Le d\u00e9p\u00f4t de garantie pourra \u00eatre constitu\u00e9 par la remise d\u2019un ou deux ch\u00e8ques de caution sign\u00e9s \u00e0 l\u2019ordre du Bailleur que ce dernier restituera sous r\u00e9serve d\u2019inventaire et d\u2019\u00e9tat des lieux conforme lors de la restitution des clefs. Si le cautionnement est insuffisant, le locataire s\u2019engage \u00e0 parfaire la diff\u00e9rence.<\/span><\/p><ul type=\"disc\"><li style=\"mso-margin-top-alt: auto; mso-margin-bottom-alt: auto; mso-list: l2 level1 lfo4; tab-stops: list 36.0pt;\"><b><span style=\"font-family: Arial; mso-fareast-font-family: 'Times New Roman'; mso-fareast-language: FR;\">CESSION ET SOUS-LOCATION<\/span><\/b><\/li><\/ul><p style=\"mso-margin-top-alt: auto; mso-margin-bottom-alt: auto;\"><span style=\"font-family: Arial; mso-fareast-language: FR;\">Le pr\u00e9sent contrat de location est conclu intuitu personae au profit du seul preneur identifi\u00e9 en t\u00eate du contrat.<\/span><\/p><p style=\"mso-margin-top-alt: auto; mso-margin-bottom-alt: auto;\"><span style=\"font-family: Arial; mso-fareast-language: FR;\">Toute cession du pr\u00e9sent bail, toute sous-location totale ou partielle, toute mise \u00e0 disposition -m\u00eame gratuite-, sont rigoureusement interdites. Le Preneur ne pourra laisser la disposition des lieux, m\u00eame gratuitement et\/ou par pr\u00eat, \u00e0 une personne \u00e9trang\u00e8re \u00e0 son foyer.<\/span><\/p><p style=\"mso-margin-top-alt: auto; mso-margin-bottom-alt: auto;\"><span style=\"font-family: Arial; mso-fareast-language: FR;\">\u00a0<\/span><\/p><ul type=\"disc\"><li style=\"mso-margin-top-alt: auto; mso-margin-bottom-alt: auto; mso-list: l5 level1 lfo5; tab-stops: list 36.0pt;\"><b><span style=\"font-family: Arial; mso-fareast-font-family: 'Times New Roman'; mso-fareast-language: FR;\">ETAT DES LIEUX ET INVENTAIRES<\/span><\/b><\/li><\/ul><p style=\"mso-margin-top-alt: auto; mso-margin-bottom-alt: auto;\"><span style=\"font-family: Arial; mso-fareast-language: FR;\">Un \u00e9tat des lieux et un inventaire du mobilier mis \u00e0 disposition du Preneur sont remis au<\/span><\/p><p style=\"mso-margin-top-alt: auto; mso-margin-bottom-alt: auto;\"><span style=\"font-family: Arial; mso-fareast-language: FR;\">Preneur lors de l\u2019entr\u00e9e dans le logement.<\/span><\/p><p style=\"mso-margin-top-alt: auto; mso-margin-bottom-alt: auto;\"><span style=\"font-family: Arial; mso-fareast-language: FR;\">Si l\u2019\u00e9tat des lieux et l\u2019inventaire ne sont pas \u00e9tablis et sign\u00e9s par le Bailleur, ou son repr\u00e9sentant, et le Preneur simultan\u00e9ment (\u00e9tat des lieux et inventaires contradictoires), l\u2019\u00e9tat des lieux et l\u2019inventaire r\u00e9alis\u00e9 par le Bailleur seul et remis au Preneur lors de son entr\u00e9e dans le logement seront contestables par le Preneur dans un d\u00e9lai de 24 heures suivant l\u2019entr\u00e9e dans le logement. A d\u00e9faut de contestation par le Preneur dans ce d\u00e9lai de 24 heures, l\u2019\u00e9tat des lieux et l\u2019inventaire r\u00e9alis\u00e9s par le Bailleur et communiqu\u00e9s au Preneur \u00e0 son entr\u00e9e dans les lieux seront r\u00e9put\u00e9s accept\u00e9s sans r\u00e9serve par le Preneur.<\/span><\/p><p style=\"mso-margin-top-alt: auto; mso-margin-bottom-alt: auto;\"><span style=\"font-family: Arial; mso-fareast-language: FR;\">A d\u00e9faut d\u2019\u00e9tat des lieux et\/ ou d\u2019inventaire \u00e0 la fin de la location ou si le Preneur \u00e9tablit seul l\u2019\u00e9tat des lieux et\/ ou l\u2019inventaire \u00e0 la fin de la location, l\u2019absence de contestation par le Bailleur dans les 72 heures suivant la fin de la location vaudra restitution des lieux en bon \u00e9tat et\/ou inventaire complet. Le propri\u00e9taire \u00e0 la facult\u00e9 de faire part de l\u2019\u00e9tat de restitution du logement par commentaire et photos \u00e0 l\u2019appui pour toute d\u00e9gradation ou pour signaler un g\u00eete rendu sale.<\/span><\/p><ul type=\"disc\"><li style=\"mso-margin-top-alt: auto; mso-margin-bottom-alt: auto; mso-list: l1 level1 lfo6; tab-stops: list 36.0pt;\"><b><span style=\"font-family: Arial; mso-fareast-font-family: 'Times New Roman'; mso-fareast-language: FR;\">. DECLARATION DU BAILLEUR<\/span><\/b><\/li><\/ul><p style=\"mso-margin-top-alt: auto; mso-margin-bottom-alt: auto;\"><span style=\"font-family: Arial; mso-fareast-language: FR;\">Le Bailleur d\u00e9clare \u00eatre propri\u00e9taire du logement et en avoir la libre disposition.\u00a0 Pour des raisons de s\u00e9curit\u00e9, les chalets sont soumis \u00e0 une surveillance vid\u00e9o ext\u00e9rieure qui ne pourra en aucun cas \u00eatre contest\u00e9e par le preneur.<\/span><\/p><ul type=\"disc\"><li style=\"mso-margin-top-alt: auto; mso-margin-bottom-alt: auto; mso-list: l6 level1 lfo7; tab-stops: list 36.0pt;\"><b><span style=\"font-family: Arial; mso-fareast-font-family: 'Times New Roman'; mso-fareast-language: FR;\">. OBLIGATIONS DU PRENEUR<\/span><\/b><\/li><\/ul><p style=\"mso-margin-top-alt: auto; mso-margin-bottom-alt: auto;\"><span style=\"font-family: Arial; mso-fareast-language: FR;\">\u2013 Le Preneur usera paisiblement du logement lou\u00e9 et du mobilier et \u00e9quipements suivant la destination qui leur a \u00e9t\u00e9 donn\u00e9e par le bail et r\u00e9pondra des d\u00e9gradations et pertes qui pourraient survenir pendant la dur\u00e9e du contrat dans les locaux dont il a la jouissance exclusive.<\/span><\/p><p style=\"mso-margin-top-alt: auto; mso-margin-bottom-alt: auto;\"><span style=\"font-family: Arial; mso-fareast-language: FR;\">\u2013 Le Preneur entretiendra le logement lou\u00e9 et <b>le rendra en tr\u00e8s bon \u00e9tat de propre<\/b>t\u00e9 et de r\u00e9parations locatives en fin de contrat. Si des objets figurant \u00e0 l\u2019inventaire sont bris\u00e9s ou d\u00e9t\u00e9rior\u00e9s, le Bailleur pourra r\u00e9clamer leur valeur de remplacement.<\/span><\/p><p style=\"mso-margin-top-alt: auto; mso-margin-bottom-alt: auto;\"><b><span style=\"font-family: Arial; mso-fareast-language: FR;\">\u2013 Il respectera le nombre de personnes maximum pouvant entrer dans les lieux, conform\u00e9ment au descriptif qui lui a \u00e9t\u00e9 remis. Pour toute personne suppl\u00e9mentaire, un co\u00fbt de 150 \u20ac\/nuit\/personne sera exigible.\u00a0Pour toute demande sp\u00e9cifique, bien vouloir nous contacter.<\/span><\/b><\/p><p style=\"mso-margin-top-alt: auto; mso-margin-bottom-alt: auto;\"><span style=\"font-family: Arial; mso-fareast-language: FR;\">\u2013 Le preneur ne pourra s\u2019opposer \u00e0 la visite des locaux si le Bailleur ou son mandataire en font la demande.<\/span><\/p><p style=\"mso-margin-top-alt: auto; mso-margin-bottom-alt: auto;\"><span style=\"font-family: Arial; mso-fareast-language: FR;\">\u2013<b> A d\u00e9faut de restitution du logement en parfait \u00e9tat _ Le d\u00e9pot de garantie ne sera pas restitu\u00e9.<br \/><\/b><\/span><\/p><div style=\"mso-element: para-border-div; border: none; border-bottom: solid windowtext 1.0pt; mso-border-bottom-alt: solid windowtext .75pt; padding: 0cm 0cm 1.0pt 0cm;\"><p style=\"text-align: center; border: none; mso-border-bottom-alt: solid windowtext .75pt; padding: 0cm; mso-padding-alt: 0cm 0cm 1.0pt 0cm;\" align=\"center\"><span style=\"font-size: 8.0pt; font-family: Arial; display: none; mso-hide: all; mso-fareast-language: FR;\">Haut du formulaire<\/span><\/p><\/div><div style=\"mso-element: para-border-div; border: none; border-top: solid windowtext 1.0pt; mso-border-top-alt: solid windowtext .75pt; padding: 1.0pt 0cm 0cm 0cm;\"><p style=\"text-align: center; border: none; mso-border-top-alt: solid windowtext .75pt; padding: 0cm; mso-padding-alt: 1.0pt 0cm 0cm 0cm;\" align=\"center\"><span style=\"font-size: 8.0pt; font-family: Arial; display: none; mso-hide: all; mso-fareast-language: FR;\">Bas du formulaire<\/span><\/p><\/div><div style=\"mso-element: para-border-div; border: none; border-bottom: solid windowtext 1.0pt; mso-border-bottom-alt: solid windowtext .75pt; padding: 0cm 0cm 1.0pt 0cm;\"><p style=\"text-align: center; border: none; mso-border-bottom-alt: solid windowtext .75pt; padding: 0cm; mso-padding-alt: 0cm 0cm 1.0pt 0cm;\" align=\"center\"><span style=\"font-size: 8.0pt; font-family: Arial; display: none; mso-hide: all; mso-fareast-language: FR;\">Haut du formulaire<\/span><\/p><\/div><div style=\"mso-element: para-border-div; border: none; border-top: solid windowtext 1.0pt; mso-border-top-alt: solid windowtext .75pt; padding: 1.0pt 0cm 0cm 0cm;\"><p style=\"text-align: center; border: none; mso-border-top-alt: solid windowtext .75pt; padding: 0cm; mso-padding-alt: 1.0pt 0cm 0cm 0cm;\" align=\"center\"><span style=\"font-size: 8.0pt; font-family: Arial; display: none; mso-hide: all; mso-fareast-language: FR;\">Bas du formulaire<\/span><\/p><\/div><p style=\"mso-margin-top-alt: auto; mso-margin-bottom-alt: auto; mso-outline-level: 3;\"><b><span style=\"font-size: 13.5pt; font-family: Arial; mso-fareast-font-family: 'Times New Roman'; mso-fareast-language: FR;\">Services<\/span><\/b><\/p><p><span style=\"font-family: Arial; mso-fareast-font-family: 'Times New Roman'; mso-fareast-language: FR;\">\u00a0<\/span><\/p><p style=\"mso-margin-top-alt: auto; mso-margin-bottom-alt: auto;\"><span style=\"font-family: Arial; mso-fareast-language: FR;\">En visitant notre site, vous acceptez notre politique de confidentialit\u00e9 sur les cookies, le suivi statistique, etc.<\/span><\/p><p><span style=\"font-family: Arial;\">\u00a0<\/span><\/p><p><style>@font-face<br \/>\t{font-family:Arial;<br \/>\tpanose-1:2 11 6 4 2 2 2 2 2 4;<br \/>\tmso-font-charset:0;<br \/>\tmso-generic-font-family:auto;<br \/>\tmso-font-pitch:variable;<br \/>\tmso-font-signature:-536859905 -1073711037 9 0 511 0;}@font-face<br \/>\t{font-family:\"Courier New\";<br \/>\tpanose-1:2 7 3 9 2 2 5 2 4 4;<br \/>\tmso-font-charset:0;<br \/>\tmso-generic-font-family:auto;<br \/>\tmso-font-pitch:variable;<br \/>\tmso-font-signature:-536859905 -1073711037 9 0 511 0;}@font-face<br \/>\t{font-family:Wingdings;<br \/>\tpanose-1:5 0 0 0 0 0 0 0 0 0;<br \/>\tmso-font-charset:2;<br \/>\tmso-generic-font-family:auto;<br \/>\tmso-font-pitch:variable;<br \/>\tmso-font-signature:0 268435456 0 0 -2147483648 0;}@font-face<br \/>\t{font-family:\"Cambria Math\";<br \/>\tpanose-1:2 4 5 3 5 4 6 3 2 4;<br \/>\tmso-font-charset:1;<br \/>\tmso-generic-font-family:roman;<br \/>\tmso-font-format:other;<br \/>\tmso-font-pitch:variable;<br \/>\tmso-font-signature:0 0 0 0 0 0;}@font-face<br \/>\t{font-family:Calibri;<br \/>\tpanose-1:2 15 5 2 2 2 4 3 2 4;<br \/>\tmso-font-charset:0;<br \/>\tmso-generic-font-family:auto;<br \/>\tmso-font-pitch:variable;<br \/>\tmso-font-signature:-536870145 1073786111 1 0 415 0;}p.MsoNormal, li.MsoNormal, div.MsoNormal<br \/>\t{mso-style-unhide:no;<br \/>\tmso-style-qformat:yes;<br \/>\tmso-style-parent:\"\";<br \/>\tmargin:0cm;<br \/>\tmargin-bottom:.0001pt;<br \/>\tmso-pagination:widow-orphan;<br \/>\tfont-size:12.0pt;<br \/>\tfont-family:Calibri;<br \/>\tmso-ascii-font-family:Calibri;<br \/>\tmso-ascii-theme-font:minor-latin;<br \/>\tmso-fareast-font-family:Calibri;<br \/>\tmso-fareast-theme-font:minor-latin;<br \/>\tmso-hansi-font-family:Calibri;<br \/>\tmso-hansi-theme-font:minor-latin;<br \/>\tmso-bidi-font-family:\"Times New Roman\";<br \/>\tmso-bidi-theme-font:minor-bidi;<br \/>\tmso-fareast-language:EN-US;}.MsoChpDefault<br \/>\t{mso-style-type:export-only;<br \/>\tmso-default-props:yes;<br \/>\tfont-family:Calibri;<br \/>\tmso-ascii-font-family:Calibri;<br \/>\tmso-ascii-theme-font:minor-latin;<br \/>\tmso-fareast-font-family:Calibri;<br \/>\tmso-fareast-theme-font:minor-latin;<br \/>\tmso-hansi-font-family:Calibri;<br \/>\tmso-hansi-theme-font:minor-latin;<br \/>\tmso-bidi-font-family:\"Times New Roman\";<br \/>\tmso-bidi-theme-font:minor-bidi;<br \/>\tmso-fareast-language:EN-US;}div.WordSection1<br \/>\t{page:WordSection1;}ol<br \/>\t{margin-bottom:0cm;}ul<br \/>\t{margin-bottom:0cm;}<\/style><\/p><\/div>\n\t\t\t\t<\/div>\n\t\t\t\t<\/div>\n\t\t\t\t\t\t<\/div>\n\t\t\t\t\t<\/div>\n\t\t<\/div>\n\t\t\t\t\t\t\t\t<\/div>\n\t\t\t\t\t<\/div>\n\t\t<\/section>\n\t\t\t\t\t\t<\/div>\n\t\t\t\t\t\t<\/div>\n\t\t\t\t\t<\/div>\n\t\t","protected":false},"excerpt":{"rendered":"<p>Conditions G\u00e9n\u00e9rales de Vente \u00a0 \u00ab La parenth\u00e8se\u00a0\u00bb \u2013 Les haies-45700 Conflans sur Loing Il a \u00e9t\u00e9 convenu entre les parties que le Bailleur loue au Preneur le logement tel que d\u00e9crit ci-dessous aux conditions suivantes : 1 \u2013 \u00a0OBJET DU CONTRAT DE LOCATION Conditions g\u00e9n\u00e9rales de vente de prestations de services\u00a0en ligne \u00e0 des&#8230;<\/p>\n","protected":false},"author":1,"featured_media":0,"parent":0,"menu_order":0,"comment_status":"closed","ping_status":"closed","template":"","meta":{"editor_plus_custom_animation_option_css":"{}","editor_plus_custom_css":"{}","editor_plus_custom_css_file_version":"initial","editor_plus_custom_styling_options_file_version":"initial","editor_plus_custom_styling_options_css":"{}","editor_plus_copied_stylings":"{}","ep-block-screenshot":"","ep-block-template":"{}","ep-block-status":"active","ep-block-slug":"","ep-block-source":"","editor_plus_extended_blocks_css":"{}","kk_blocks_editor_width":"","_kiokenblocks_attr":"","_kiokenblocks_dimensions":"","_kad_post_transparent":"","_kad_post_title":"hide","_kad_post_layout":"fullwidth","_kad_post_sidebar_id":"","_kad_post_content_style":"unboxed","_kad_post_vertical_padding":"hide","_kad_post_feature":"hide","_kad_post_feature_position":"","_kad_post_header":false,"_kad_post_footer":false,"footnotes":""},"class_list":["post-3975","page","type-page","status-publish","hentry"],"featured_image_urls":{"full":"","thumbnail":"","medium":"","medium_large":"","large":"","1536x1536":"","2048x2048":""},"post_excerpt_stackable":"<p>Conditions G\u00e9n\u00e9rales de Vente \u00a0\u00ab La parenth\u00e8se\u00a0\u00bb \u2013 Les haies-45700 Conflans sur LoingIl a \u00e9t\u00e9 convenu entre les parties que le Bailleur loue au Preneur le logement tel que d\u00e9crit ci-dessous aux conditions suivantes :1 \u2013 \u00a0OBJET DU CONTRAT DE LOCATIONConditions g\u00e9n\u00e9rales de vente de prestations de services\u00a0en ligne \u00e0 des consommateurs particuliers\u00a0Pr\u00e9ambule\u00a0Les pr\u00e9sentes conditions g\u00e9n\u00e9rales de vente s\u2019appliquent \u00e0 toutes les prestations de services\u00a0conclues sur le site Internet &#8220;la Parenth\u00e8se&#8221;.Le site Internet\u00a0\u00ab\u00a0Hallade.net\u00a0\u00bb est un service de :\u2013 la soci\u00e9t\u00e9\u00a0\u2013 situ\u00e9e \u00e0\u00a0 \u2013 adresse URL du site :\u00a0 \u2013 adresse mail :\u00a0 \u2013 t\u00e9l\u00e9phone : Le client d\u00e9clare avoir pris\u2026<\/p>\n","category_list":"","author_info":{"name":"admin9644","url":"https:\/\/hallade.net\/index.php\/author\/admin9644\/"},"comments_num":"0 comments","yoast_head":"<!-- This site is optimized with the Yoast SEO plugin v15.6.2 - https:\/\/yoast.com\/wordpress\/plugins\/seo\/ -->\n<title>CGV - Campagne Chic<\/title>\n<meta name=\"robots\" content=\"index, follow, max-snippet:-1, max-image-preview:large, max-video-preview:-1\" \/>\n<link rel=\"canonical\" href=\"https:\/\/hallade.net\/index.php\/elementor-3975\/\" \/>\n<meta property=\"og:locale\" content=\"fr_FR\" \/>\n<meta property=\"og:type\" content=\"article\" \/>\n<meta property=\"og:title\" content=\"CGV - Campagne Chic\" \/>\n<meta property=\"og:description\" content=\"Conditions G\u00e9n\u00e9rales de Vente \u00a0 \u00ab La parenth\u00e8se\u00a0\u00bb \u2013 Les haies-45700 Conflans sur Loing Il a \u00e9t\u00e9 convenu entre les parties que le Bailleur loue au Preneur le logement tel que d\u00e9crit ci-dessous aux conditions suivantes : 1 \u2013 \u00a0OBJET DU CONTRAT DE LOCATION Conditions g\u00e9n\u00e9rales de vente de prestations de services\u00a0en ligne \u00e0 des...\" \/>\n<meta property=\"og:url\" content=\"https:\/\/hallade.net\/index.php\/elementor-3975\/\" \/>\n<meta property=\"og:site_name\" content=\"Campagne Chic\" \/>\n<meta property=\"article:modified_time\" content=\"2021-01-06T19:27:21+00:00\" \/>\n<meta name=\"twitter:card\" content=\"summary_large_image\" \/>\n<meta name=\"twitter:label1\" content=\"Dur\u00e9e de lecture est.\">\n\t<meta name=\"twitter:data1\" content=\"21 minutes\">\n<script type=\"application\/ld+json\" class=\"yoast-schema-graph\">{\"@context\":\"https:\/\/schema.org\",\"@graph\":[{\"@type\":\"WebSite\",\"@id\":\"https:\/\/hallade.net\/#website\",\"url\":\"https:\/\/hallade.net\/\",\"name\":\"Campagne Chic\",\"description\":\"\",\"potentialAction\":[{\"@type\":\"SearchAction\",\"target\":\"https:\/\/hallade.net\/?s={search_term_string}\",\"query-input\":\"required name=search_term_string\"}],\"inLanguage\":\"fr-FR\"},{\"@type\":\"WebPage\",\"@id\":\"https:\/\/hallade.net\/index.php\/elementor-3975\/#webpage\",\"url\":\"https:\/\/hallade.net\/index.php\/elementor-3975\/\",\"name\":\"CGV - Campagne Chic\",\"isPartOf\":{\"@id\":\"https:\/\/hallade.net\/#website\"},\"datePublished\":\"2021-01-04T18:41:18+00:00\",\"dateModified\":\"2021-01-06T19:27:21+00:00\",\"inLanguage\":\"fr-FR\",\"potentialAction\":[{\"@type\":\"ReadAction\",\"target\":[\"https:\/\/hallade.net\/index.php\/elementor-3975\/\"]}]}]}<\/script>\n<!-- \/ Yoast SEO plugin. -->","_links":{"self":[{"href":"https:\/\/hallade.net\/index.php\/wp-json\/wp\/v2\/pages\/3975","targetHints":{"allow":["GET"]}}],"collection":[{"href":"https:\/\/hallade.net\/index.php\/wp-json\/wp\/v2\/pages"}],"about":[{"href":"https:\/\/hallade.net\/index.php\/wp-json\/wp\/v2\/types\/page"}],"author":[{"embeddable":true,"href":"https:\/\/hallade.net\/index.php\/wp-json\/wp\/v2\/users\/1"}],"replies":[{"embeddable":true,"href":"https:\/\/hallade.net\/index.php\/wp-json\/wp\/v2\/comments?post=3975"}],"version-history":[{"count":20,"href":"https:\/\/hallade.net\/index.php\/wp-json\/wp\/v2\/pages\/3975\/revisions"}],"predecessor-version":[{"id":4499,"href":"https:\/\/hallade.net\/index.php\/wp-json\/wp\/v2\/pages\/3975\/revisions\/4499"}],"wp:attachment":[{"href":"https:\/\/hallade.net\/index.php\/wp-json\/wp\/v2\/media?parent=3975"}],"curies":[{"name":"wp","href":"https:\/\/api.w.org\/{rel}","templated":true}]}}